{"version":"1.0","provider_name":"Parroquia El Milagro de San Jos\u00e9","provider_url":"https:\/\/milagrosj.es\/wp","author_name":"administrador","author_url":"https:\/\/milagrosj.es\/wp\/author\/administrador\/","title":"XVIII Semana de Pastoral &#8226; Parroquia El Milagro de San Jos\u00e9","type":"rich","width":600,"height":338,"html":"<blockquote class=\"wp-embedded-content\" data-secret=\"CQBP1XpWta\"><a href=\"https:\/\/milagrosj.es\/wp\/2026\/09\/01\/xviii-semana-de-pastoral\/\">XVIII Semana de Pastoral<\/a><\/blockquote><iframe sandbox=\"allow-scripts\" security=\"restricted\" src=\"https:\/\/milagrosj.es\/wp\/2026\/09\/01\/xviii-semana-de-pastoral\/embed\/#?secret=CQBP1XpWta\" width=\"600\" height=\"338\" title=\"\u00abXVIII Semana de Pastoral\u00bb \u2014 Parroquia El Milagro de San Jos\u00e9\" data-secret=\"CQBP1XpWta\" frameborder=\"0\" marginwidth=\"0\" marginheight=\"0\" scrolling=\"no\" class=\"wp-embedded-content\"><\/iframe><script>\n\/*! This file is auto-generated *\/\n!function(d,l){\"use strict\";l.querySelector&&d.addEventListener&&\"undefined\"!=typeof URL&&(d.wp=d.wp||{},d.wp.receiveEmbedMessage||(d.wp.receiveEmbedMessage=function(e){var t=e.data;if((t||t.secret||t.message||t.value)&&!\/[^a-zA-Z0-9]\/.test(t.secret)){for(var s,r,n,a=l.querySelectorAll('iframe[data-secret=\"'+t.secret+'\"]'),o=l.querySelectorAll('blockquote[data-secret=\"'+t.secret+'\"]'),c=new RegExp(\"^https?:$\",\"i\"),i=0;i<o.length;i++)o[i].style.display=\"none\";for(i=0;i<a.length;i++)s=a[i],e.source===s.contentWindow&&(s.removeAttribute(\"style\"),\"height\"===t.message?(1e3<(r=parseInt(t.value,10))?r=1e3:~~r<200&&(r=200),s.height=r):\"link\"===t.message&&(r=new URL(s.getAttribute(\"src\")),n=new URL(t.value),c.test(n.protocol))&&n.host===r.host&&l.activeElement===s&&(d.top.location.href=t.value))}},d.addEventListener(\"message\",d.wp.receiveEmbedMessage,!1),l.addEventListener(\"DOMContentLoaded\",function(){for(var e,t,s=l.querySelectorAll(\"iframe.wp-embedded-content\"),r=0;r<s.length;r++)(t=(e=s[r]).getAttribute(\"data-secret\"))||(t=Math.random().toString(36).substring(2,12),e.src+=\"#?secret=\"+t,e.setAttribute(\"data-secret\",t)),e.contentWindow.postMessage({message:\"ready\",secret:t},\"*\")},!1)))}(window,document);\n\/\/# sourceURL=https:\/\/milagrosj.es\/wp\/wp-includes\/js\/wp-embed.min.js\n<\/script>\n","thumbnail_url":"https:\/\/milagrosj.es\/wp\/wp-content\/uploads\/2026\/09\/xviii-Semana-de-pastoral.jpg","thumbnail_width":1080,"thumbnail_height":1350,"description":"La comuni\u00f3n marcar\u00e1 el inicio del nuevo curso pastoral de la Di\u00f3cesis de Salamanca La XVIII Semana de Pastoral, que se celebrar\u00e1 del 17 al 20 de septiembre bajo el lema \u00abQue todos sean uno en Cristo para que el mundo crea\u00bb, abrir\u00e1 el curso pastoral 2026-2027 con cuatro jornadas de oraci\u00f3n, formaci\u00f3n, encuentro y [&hellip;]"}